{"id":9,"date":"2020-09-10T19:40:42","date_gmt":"2020-09-10T19:40:42","guid":{"rendered":"http:\/\/www.damiano.cal24.pl\/?page_id=9"},"modified":"2025-08-18T11:51:16","modified_gmt":"2025-08-18T11:51:16","slug":"blog","status":"publish","type":"page","link":"http:\/\/www.karate-pleszew.pl\/index.php\/blog\/","title":{"rendered":"Wydarzenia"},"content":{"rendered":"\n<div class=\"wp-block-columns is-layout-flex wp-container-core-columns-is-layout-9d6595d7 wp-block-columns-is-layout-flex\">\n<div class=\"wp-block-column is-layout-flow wp-block-column-is-layout-flow\">\n<div class=\"wp-block-columns is-layout-flex wp-container-core-columns-is-layout-9d6595d7 wp-block-columns-is-layout-flex\">\n<div class=\"wp-block-column is-layout-flow wp-block-column-is-layout-flow\"><ul class=\"wp-block-latest-posts__list wp-block-latest-posts\"><li><div class=\"wp-block-latest-posts__featured-image alignleft\"><a href=\"http:\/\/www.karate-pleszew.pl\/index.php\/2026\/04\/05\/badaniach-naukowe-kartowice-26-28-10-2024\/\" aria-label=\"Badaniach naukowe Kartowice 26-28.10.2024\"><img loading=\"lazy\" decoding=\"async\" width=\"150\" height=\"150\" src=\"http:\/\/www.karate-pleszew.pl\/wp-content\/uploads\/2026\/04\/557600712_25002625102688180_4220881717380857274_n-150x150.jpg\" class=\"attachment-thumbnail size-thumbnail wp-post-image\" alt=\"\" style=\"max-width:75px;max-height:75px;\" srcset=\"http:\/\/www.karate-pleszew.pl\/wp-content\/uploads\/2026\/04\/557600712_25002625102688180_4220881717380857274_n-150x150.jpg 150w, http:\/\/www.karate-pleszew.pl\/wp-content\/uploads\/2026\/04\/557600712_25002625102688180_4220881717380857274_n-500x500.jpg 500w\" sizes=\"auto, (max-width: 150px) 100vw, 150px\" \/><\/a><\/div><a class=\"wp-block-latest-posts__post-title\" href=\"http:\/\/www.karate-pleszew.pl\/index.php\/2026\/04\/05\/badaniach-naukowe-kartowice-26-28-10-2024\/\">Badaniach naukowe Kartowice 26-28.10.2024<\/a><div class=\"wp-block-latest-posts__post-excerpt\">Profesjonalne badania naukowe z udzia\u0142em zawodnik\u00f3w Pleszewskiego Klubu Karate. Dzi\u0119ki wsp\u00f3\u0142pracy Polskiej Unii Karate i AWF Katowice zawodnicy Kadry Narodowej, &hellip; <\/div><\/li>\n<li><div class=\"wp-block-latest-posts__featured-image alignleft\"><a href=\"http:\/\/www.karate-pleszew.pl\/index.php\/2026\/04\/05\/v-karate-lubin-cup-2024\/\" aria-label=\"V Karate Lubin CUP 2024\"><img loading=\"lazy\" decoding=\"async\" width=\"150\" height=\"150\" src=\"http:\/\/www.karate-pleszew.pl\/wp-content\/uploads\/2026\/04\/Urbaniak-150x150.jpg\" class=\"attachment-thumbnail size-thumbnail wp-post-image\" alt=\"\" style=\"max-width:75px;max-height:75px;\" srcset=\"http:\/\/www.karate-pleszew.pl\/wp-content\/uploads\/2026\/04\/Urbaniak-150x150.jpg 150w, http:\/\/www.karate-pleszew.pl\/wp-content\/uploads\/2026\/04\/Urbaniak-500x500.jpg 500w\" sizes=\"auto, (max-width: 150px) 100vw, 150px\" \/><\/a><\/div><a class=\"wp-block-latest-posts__post-title\" href=\"http:\/\/www.karate-pleszew.pl\/index.php\/2026\/04\/05\/v-karate-lubin-cup-2024\/\">V Karate Lubin CUP 2024<\/a><div class=\"wp-block-latest-posts__post-excerpt\">W dniu 26 pa\u017adziernika w Lubinie odby\u0142a kolejna V edycja turnieju Lubin CUP w kt\u00f3rej udzia\u0142 wzi\u0119\u0142o pi\u0119cioro zawodnik\u00f3w Pleszewskiego &hellip; <\/div><\/li>\n<li><div class=\"wp-block-latest-posts__featured-image alignleft\"><a href=\"http:\/\/www.karate-pleszew.pl\/index.php\/2026\/04\/05\/polish-open-bielsko-biala-19-20-10-2024\/\" aria-label=\"Polish Open Bielsko Bia\u0142a 19-20.10.2024\"><img loading=\"lazy\" decoding=\"async\" width=\"150\" height=\"150\" src=\"http:\/\/www.karate-pleszew.pl\/wp-content\/uploads\/2026\/04\/PKKBielskoBiala2024-150x150.jpg\" class=\"attachment-thumbnail size-thumbnail wp-post-image\" alt=\"\" style=\"max-width:75px;max-height:75px;\" srcset=\"http:\/\/www.karate-pleszew.pl\/wp-content\/uploads\/2026\/04\/PKKBielskoBiala2024-150x150.jpg 150w, http:\/\/www.karate-pleszew.pl\/wp-content\/uploads\/2026\/04\/PKKBielskoBiala2024-500x500.jpg 500w\" sizes=\"auto, (max-width: 150px) 100vw, 150px\" \/><\/a><\/div><a class=\"wp-block-latest-posts__post-title\" href=\"http:\/\/www.karate-pleszew.pl\/index.php\/2026\/04\/05\/polish-open-bielsko-biala-19-20-10-2024\/\">Polish Open Bielsko Bia\u0142a 19-20.10.2024<\/a><div class=\"wp-block-latest-posts__post-excerpt\">Mamy medal Maja Kolanowska br\u0105zowy medal w kumite juniorek m\u0142odszych -54 kg na Polish Open Bielsko Bia\u0142a 19-20.10.2024. Bardzo dobrze &hellip; <\/div><\/li>\n<li><div class=\"wp-block-latest-posts__featured-image alignleft\"><a href=\"http:\/\/www.karate-pleszew.pl\/index.php\/2026\/04\/05\/mistrzostwa-swiata-kadetow-juniorow-u21-jesolo-9-13-10-2024\/\" aria-label=\"Mistrzostwa \u015awiata Kadet\u00f3w, Junior\u00f3w, U21 Jesolo 9-13.10.2024.\"><img loading=\"lazy\" decoding=\"async\" width=\"150\" height=\"150\" src=\"http:\/\/www.karate-pleszew.pl\/wp-content\/uploads\/2026\/04\/kadra-150x150.jpg\" class=\"attachment-thumbnail size-thumbnail wp-post-image\" alt=\"\" style=\"max-width:75px;max-height:75px;\" srcset=\"http:\/\/www.karate-pleszew.pl\/wp-content\/uploads\/2026\/04\/kadra-150x150.jpg 150w, http:\/\/www.karate-pleszew.pl\/wp-content\/uploads\/2026\/04\/kadra-500x500.jpg 500w\" sizes=\"auto, (max-width: 150px) 100vw, 150px\" \/><\/a><\/div><a class=\"wp-block-latest-posts__post-title\" href=\"http:\/\/www.karate-pleszew.pl\/index.php\/2026\/04\/05\/mistrzostwa-swiata-kadetow-juniorow-u21-jesolo-9-13-10-2024\/\">Mistrzostwa \u015awiata Kadet\u00f3w, Junior\u00f3w, U21 Jesolo 9-13.10.2024.<\/a><div class=\"wp-block-latest-posts__post-excerpt\">Bart\u0142omiej So\u0142tysiak trener kadry narodowej karate na mistrzostwach \u015bwiata w Wenecji. W rywalizacji najlepszych karatek\u00f3w na \u015bwiecie we\u017amie udzia\u0142 wychowanek &hellip; <\/div><\/li>\n<li><div class=\"wp-block-latest-posts__featured-image alignleft\"><a href=\"http:\/\/www.karate-pleszew.pl\/index.php\/2025\/04\/18\/program-klub-2024-udzial-bierze-pkk-pleszew\/\" aria-label=\"Program Klub 2025 &#8211; Udzia\u0142 bierze PKK Pleszew\"><img loading=\"lazy\" decoding=\"async\" width=\"150\" height=\"150\" src=\"http:\/\/www.karate-pleszew.pl\/wp-content\/uploads\/2024\/09\/logo-e1728022887625-150x150.jpg\" class=\"attachment-thumbnail size-thumbnail wp-post-image\" alt=\"\" style=\"max-width:75px;max-height:75px;\" \/><\/a><\/div><a class=\"wp-block-latest-posts__post-title\" href=\"http:\/\/www.karate-pleszew.pl\/index.php\/2025\/04\/18\/program-klub-2024-udzial-bierze-pkk-pleszew\/\">Program Klub 2025 &#8211; Udzia\u0142 bierze PKK Pleszew<\/a><div class=\"wp-block-latest-posts__post-excerpt\"><\/div><\/li>\n<li><div class=\"wp-block-latest-posts__featured-image alignleft\"><a href=\"http:\/\/www.karate-pleszew.pl\/index.php\/2024\/09\/29\/konsultacje-kadry-narodowej-karate-gniezno\/\" aria-label=\"Konsultacje Kadry Narodowej Karate Gniezno.\"><img loading=\"lazy\" decoding=\"async\" width=\"150\" height=\"150\" src=\"http:\/\/www.karate-pleszew.pl\/wp-content\/uploads\/2024\/09\/barte_michal-e1728021951115-150x150.jpg\" class=\"attachment-thumbnail size-thumbnail wp-post-image\" alt=\"\" style=\"max-width:75px;max-height:75px;\" \/><\/a><\/div><a class=\"wp-block-latest-posts__post-title\" href=\"http:\/\/www.karate-pleszew.pl\/index.php\/2024\/09\/29\/konsultacje-kadry-narodowej-karate-gniezno\/\">Konsultacje Kadry Narodowej Karate Gniezno.<\/a><div class=\"wp-block-latest-posts__post-excerpt\">Konsultacje Kadry Narodowej Karate w Gnie\u017anie w dniach 27-29.09.2024 z udzia\u0142em Micha\u0142a Florczaka oraz trenera Bart\u0142omieja So\u0142tysiaka. S\u0105 to ostatnie &hellip; <\/div><\/li>\n<li><div class=\"wp-block-latest-posts__featured-image alignleft\"><a href=\"http:\/\/www.karate-pleszew.pl\/index.php\/2024\/09\/18\/karate1-series-a-salzburg-2024\/\" aria-label=\"Karate1 Series A Salzburg 2024\"><img loading=\"lazy\" decoding=\"async\" width=\"150\" height=\"150\" src=\"http:\/\/www.karate-pleszew.pl\/wp-content\/uploads\/2024\/09\/salzburg_michal_Magda1-1-150x150.jpg\" class=\"attachment-thumbnail size-thumbnail wp-post-image\" alt=\"\" style=\"max-width:75px;max-height:75px;\" \/><\/a><\/div><a class=\"wp-block-latest-posts__post-title\" href=\"http:\/\/www.karate-pleszew.pl\/index.php\/2024\/09\/18\/karate1-series-a-salzburg-2024\/\">Karate1 Series A Salzburg 2024<\/a><div class=\"wp-block-latest-posts__post-excerpt\">Liga \u015awiatowa &#8211; Karate1 Series A 13-15 wrze\u015bnia 2024, Salzburg\/Austria. W gronie 1090 zawodnik\u00f3w z 81 kraj\u00f3w rywalizowa\u0142o dwoje zawodnik\u00f3w &hellip; <\/div><\/li>\n<li><div class=\"wp-block-latest-posts__featured-image alignleft\"><a href=\"http:\/\/www.karate-pleszew.pl\/index.php\/2024\/09\/18\/bonsai-cup-rozdrazew-2024\/\" aria-label=\"Bonsai CUP Rozdra\u017cew 2024\"><img loading=\"lazy\" decoding=\"async\" width=\"150\" height=\"150\" src=\"http:\/\/www.karate-pleszew.pl\/wp-content\/uploads\/2024\/09\/PKK_bonsaiCUP2024-150x150.jpg\" class=\"attachment-thumbnail size-thumbnail wp-post-image\" alt=\"\" style=\"max-width:75px;max-height:75px;\" \/><\/a><\/div><a class=\"wp-block-latest-posts__post-title\" href=\"http:\/\/www.karate-pleszew.pl\/index.php\/2024\/09\/18\/bonsai-cup-rozdrazew-2024\/\">Bonsai CUP Rozdra\u017cew 2024<\/a><div class=\"wp-block-latest-posts__post-excerpt\">W dniu 14 wrze\u015bnia 2024 9-cioro m\u0142odych zawodnik\u00f3w Pleszewskiego Klubu Karate wzi\u0119\u0142o udzia\u0142 w pierwszym w tym roku szkolnym turnieju &hellip; <\/div><\/li>\n<li><div class=\"wp-block-latest-posts__featured-image alignleft\"><a href=\"http:\/\/www.karate-pleszew.pl\/index.php\/2024\/09\/08\/pkk-pleszew-na-seminar-kumite-karate-wkf-z-valerii-chobotar-i-andrii-zaplitnyi-ukraina\/\" aria-label=\"PKK Pleszew na Seminar Kumite Karate WKF z Valerii Chobotar i Andrii Zaplitnyi (Ukraina)\"><img loading=\"lazy\" decoding=\"async\" width=\"150\" height=\"150\" src=\"http:\/\/www.karate-pleszew.pl\/wp-content\/uploads\/2024\/09\/PKK_seminarium_Kumite_Ukraina-150x150.jpg\" class=\"attachment-thumbnail size-thumbnail wp-post-image\" alt=\"\" style=\"max-width:75px;max-height:75px;\" \/><\/a><\/div><a class=\"wp-block-latest-posts__post-title\" href=\"http:\/\/www.karate-pleszew.pl\/index.php\/2024\/09\/08\/pkk-pleszew-na-seminar-kumite-karate-wkf-z-valerii-chobotar-i-andrii-zaplitnyi-ukraina\/\">PKK Pleszew na Seminar Kumite Karate WKF z Valerii Chobotar i Andrii Zaplitnyi (Ukraina)<\/a><div class=\"wp-block-latest-posts__post-excerpt\"><\/div><\/li>\n<li><div class=\"wp-block-latest-posts__featured-image alignleft\"><a href=\"http:\/\/www.karate-pleszew.pl\/index.php\/2024\/09\/08\/youth-league-porec-pkk-team-27-30-06-2024-chorwacja\/\" aria-label=\"YOUTH LEAGUE &#8211; POREC PKK TEAM 27-30.06.2024 Chorwacja.\"><img loading=\"lazy\" decoding=\"async\" width=\"150\" height=\"150\" src=\"http:\/\/www.karate-pleszew.pl\/wp-content\/uploads\/2024\/09\/449488131_1003989131732932_5626489981009731837_n-150x150.jpg\" class=\"attachment-thumbnail size-thumbnail wp-post-image\" alt=\"\" style=\"max-width:75px;max-height:75px;\" \/><\/a><\/div><a class=\"wp-block-latest-posts__post-title\" href=\"http:\/\/www.karate-pleszew.pl\/index.php\/2024\/09\/08\/youth-league-porec-pkk-team-27-30-06-2024-chorwacja\/\">YOUTH LEAGUE &#8211; POREC PKK TEAM 27-30.06.2024 Chorwacja.<\/a><div class=\"wp-block-latest-posts__post-excerpt\"><\/div><\/li>\n<li><div class=\"wp-block-latest-posts__featured-image alignleft\"><a href=\"http:\/\/www.karate-pleszew.pl\/index.php\/2024\/09\/08\/mistrzostw-polski-w-karate-wkf-juniorow-mlodszych-juniorow-i-u12-parcela-zielonka-k-warszawy-8-9-06-2024\/\" aria-label=\"Mistrzostw Polski w Karate WKF Junior\u00f3w m\u0142odszych, Junior\u00f3w i U12 Parcela Zielonka k\/Warszawy 8-9.06.2024\"><img loading=\"lazy\" decoding=\"async\" width=\"150\" height=\"150\" src=\"http:\/\/www.karate-pleszew.pl\/wp-content\/uploads\/2024\/09\/1718014941089-150x150.jpg\" class=\"attachment-thumbnail size-thumbnail wp-post-image\" alt=\"\" style=\"max-width:75px;max-height:75px;\" \/><\/a><\/div><a class=\"wp-block-latest-posts__post-title\" href=\"http:\/\/www.karate-pleszew.pl\/index.php\/2024\/09\/08\/mistrzostw-polski-w-karate-wkf-juniorow-mlodszych-juniorow-i-u12-parcela-zielonka-k-warszawy-8-9-06-2024\/\">Mistrzostw Polski w Karate WKF Junior\u00f3w m\u0142odszych, Junior\u00f3w i U12 Parcela Zielonka k\/Warszawy 8-9.06.2024<\/a><div class=\"wp-block-latest-posts__post-excerpt\">Pierwszy dzie\u0144 Mistrzostw Polski w Karate WKF przyni\u00f3s\u0142 Pleszewskiemu Klubowi Karate 2 srebrne medale. Maja Kolanowska w kumite kadetek -47kg &hellip; <\/div><\/li>\n<li><div class=\"wp-block-latest-posts__featured-image alignleft\"><a href=\"http:\/\/www.karate-pleszew.pl\/index.php\/2024\/09\/08\/premier-league-karate-1-casablanca-31-05-2024\/\" aria-label=\"Premier League KARATE 1- Casablanca 31.05.2024\"><img loading=\"lazy\" decoding=\"async\" width=\"150\" height=\"150\" src=\"http:\/\/www.karate-pleszew.pl\/wp-content\/uploads\/2024\/09\/444480490_1515875412600925_7901527731001134233_n-150x150.jpg\" class=\"attachment-thumbnail size-thumbnail wp-post-image\" alt=\"\" style=\"max-width:75px;max-height:75px;\" \/><\/a><\/div><a class=\"wp-block-latest-posts__post-title\" href=\"http:\/\/www.karate-pleszew.pl\/index.php\/2024\/09\/08\/premier-league-karate-1-casablanca-31-05-2024\/\">Premier League KARATE 1- Casablanca 31.05.2024<\/a><div class=\"wp-block-latest-posts__post-excerpt\"><\/div><\/li>\n<li><div class=\"wp-block-latest-posts__featured-image alignleft\"><a href=\"http:\/\/www.karate-pleszew.pl\/index.php\/2024\/09\/08\/karate-1-premier-league-cairo-2024\/\" aria-label=\"Karate 1 Premier League &#8211;  Cairo 2024\"><img loading=\"lazy\" decoding=\"async\" width=\"150\" height=\"150\" src=\"http:\/\/www.karate-pleszew.pl\/wp-content\/uploads\/2024\/09\/michal-150x150.jpg\" class=\"attachment-thumbnail size-thumbnail wp-post-image\" alt=\"\" style=\"max-width:75px;max-height:75px;\" \/><\/a><\/div><a class=\"wp-block-latest-posts__post-title\" href=\"http:\/\/www.karate-pleszew.pl\/index.php\/2024\/09\/08\/karate-1-premier-league-cairo-2024\/\">Karate 1 Premier League &#8211;  Cairo 2024<\/a><div class=\"wp-block-latest-posts__post-excerpt\">Zawodnik Pleszewskiego Klubu Karate Micha\u0142 Florczak wyst\u0105pi\u0142 w kumite -84kg. Micha\u0142 Florczak 2 walki wygrane.<\/div><\/li>\n<li><div class=\"wp-block-latest-posts__featured-image alignleft\"><a href=\"http:\/\/www.karate-pleszew.pl\/index.php\/2024\/09\/08\/ogolnopolski-turniej-karate-silver-cup-strzalkowo-18-05-2024\/\" aria-label=\"Og\u00f3lnopolski Turniej Karate Silver CUP Strza\u0142kowo 18.05.2024\"><img loading=\"lazy\" decoding=\"async\" width=\"150\" height=\"150\" src=\"http:\/\/www.karate-pleszew.pl\/wp-content\/uploads\/2024\/09\/damir-150x150.jpg\" class=\"attachment-thumbnail size-thumbnail wp-post-image\" alt=\"\" style=\"max-width:75px;max-height:75px;\" \/><\/a><\/div><a class=\"wp-block-latest-posts__post-title\" href=\"http:\/\/www.karate-pleszew.pl\/index.php\/2024\/09\/08\/ogolnopolski-turniej-karate-silver-cup-strzalkowo-18-05-2024\/\">Og\u00f3lnopolski Turniej Karate Silver CUP Strza\u0142kowo 18.05.2024<\/a><div class=\"wp-block-latest-posts__post-excerpt\">Dziewi\u0119\u0107 medali najm\u0142odszych podopiecznych trenera Bart\u0142omieja So\u0142tysiaka w tym 1 z\u0142oty, 2 srebrne i 6 br\u0105zowych medali. Z\u0142oty medal: &#8211; &hellip; <\/div><\/li>\n<li><div class=\"wp-block-latest-posts__featured-image alignleft\"><a href=\"http:\/\/www.karate-pleszew.pl\/index.php\/2024\/09\/08\/mlodziezowa-swiatowa-liga-karate-karate-1-youth-league-2024-a-coruna-hiszpania\/\" aria-label=\"M\u0142odzie\u017cowa \u015awiatowa Liga Karate &#8211; Karate 1 Youth League 2024 &#8211; A Coru\u00f1a (Hiszpania)\"><img loading=\"lazy\" decoding=\"async\" width=\"150\" height=\"150\" src=\"http:\/\/www.karate-pleszew.pl\/wp-content\/uploads\/2024\/09\/29ba710b-bc2f-4e95-9e9a-af544e366f3a-150x150.jpg\" class=\"attachment-thumbnail size-thumbnail wp-post-image\" alt=\"\" style=\"max-width:75px;max-height:75px;\" srcset=\"http:\/\/www.karate-pleszew.pl\/wp-content\/uploads\/2024\/09\/29ba710b-bc2f-4e95-9e9a-af544e366f3a-150x150.jpg 150w, http:\/\/www.karate-pleszew.pl\/wp-content\/uploads\/2024\/09\/29ba710b-bc2f-4e95-9e9a-af544e366f3a-601x600.jpg 601w\" sizes=\"auto, (max-width: 150px) 100vw, 150px\" \/><\/a><\/div><a class=\"wp-block-latest-posts__post-title\" href=\"http:\/\/www.karate-pleszew.pl\/index.php\/2024\/09\/08\/mlodziezowa-swiatowa-liga-karate-karate-1-youth-league-2024-a-coruna-hiszpania\/\">M\u0142odzie\u017cowa \u015awiatowa Liga Karate &#8211; Karate 1 Youth League 2024 &#8211; A Coru\u00f1a (Hiszpania)<\/a><div class=\"wp-block-latest-posts__post-excerpt\">Maja Kolanowska zawodniczka Pleszewskiego Klubu Karate wyst\u0105pi\u0142a 8.05.2024 w kumite kadetek -47kg..<\/div><\/li>\n<li><div class=\"wp-block-latest-posts__featured-image alignleft\"><a href=\"http:\/\/www.karate-pleszew.pl\/index.php\/2024\/09\/08\/mistrzostwa-europy-karate-seniorow-7-12-05-2024-zadar\/\" aria-label=\"Mistrzostwa Europy Karate Senior\u00f3w 7-12.05.2024  Zadar\"><img loading=\"lazy\" decoding=\"async\" width=\"150\" height=\"150\" src=\"http:\/\/www.karate-pleszew.pl\/wp-content\/uploads\/2024\/09\/Zadar-1-150x150.jpg\" class=\"attachment-thumbnail size-thumbnail wp-post-image\" alt=\"\" style=\"max-width:75px;max-height:75px;\" \/><\/a><\/div><a class=\"wp-block-latest-posts__post-title\" href=\"http:\/\/www.karate-pleszew.pl\/index.php\/2024\/09\/08\/mistrzostwa-europy-karate-seniorow-7-12-05-2024-zadar\/\">Mistrzostwa Europy Karate Senior\u00f3w 7-12.05.2024  Zadar<\/a><div class=\"wp-block-latest-posts__post-excerpt\">Nasza zawodniczka Magdalena Godlewska we\u017amie udzia\u0142 w Mistrzostwach Europy Karate Senior\u00f3w w dniach 7-12.05.2024.<\/div><\/li>\n<li><div class=\"wp-block-latest-posts__featured-image alignleft\"><a href=\"http:\/\/www.karate-pleszew.pl\/index.php\/2024\/09\/08\/konsultacje-kn-cos-spala-26-28-04-2024\/\" aria-label=\"Konsultacje KN COS Spa\u0142a 26-28.04.2024\"><img loading=\"lazy\" decoding=\"async\" width=\"150\" height=\"150\" src=\"http:\/\/www.karate-pleszew.pl\/wp-content\/uploads\/2024\/09\/439150824_956916223106890_8577160189176146668_n-150x150.jpg\" class=\"attachment-thumbnail size-thumbnail wp-post-image\" alt=\"\" style=\"max-width:75px;max-height:75px;\" \/><\/a><\/div><a class=\"wp-block-latest-posts__post-title\" href=\"http:\/\/www.karate-pleszew.pl\/index.php\/2024\/09\/08\/konsultacje-kn-cos-spala-26-28-04-2024\/\">Konsultacje KN COS Spa\u0142a 26-28.04.2024<\/a><div class=\"wp-block-latest-posts__post-excerpt\">W COS OPO Spa\u0142a trwaj\u0105 konsultacje Kadry Narodowej Karate. Jest to ostatnie spotkanie przed wylotem na European Karate Championships Zadar &hellip; <\/div><\/li>\n<li><div class=\"wp-block-latest-posts__featured-image alignleft\"><a href=\"http:\/\/www.karate-pleszew.pl\/index.php\/2024\/09\/08\/10-th-central-poland-open-grand-prix-20-21-04-2024\/\" aria-label=\"10 TH Central Poland Open Grand Prix 20-21.04.2024.\"><img loading=\"lazy\" decoding=\"async\" width=\"150\" height=\"150\" src=\"http:\/\/www.karate-pleszew.pl\/wp-content\/uploads\/2024\/09\/PKK_CPO2024-150x150.jpg\" class=\"attachment-thumbnail size-thumbnail wp-post-image\" alt=\"\" style=\"max-width:75px;max-height:75px;\" \/><\/a><\/div><a class=\"wp-block-latest-posts__post-title\" href=\"http:\/\/www.karate-pleszew.pl\/index.php\/2024\/09\/08\/10-th-central-poland-open-grand-prix-20-21-04-2024\/\">10 TH Central Poland Open Grand Prix 20-21.04.2024.<\/a><div class=\"wp-block-latest-posts__post-excerpt\">10 TH Central Poland Open Grand Prix zosta\u0142 rozegrany w dniach 20-21.04.2024. Turniej rankingowy Polskiej Unii Karate Pleszewski Klub Karate &hellip; <\/div><\/li>\n<li><div class=\"wp-block-latest-posts__featured-image alignleft\"><a href=\"http:\/\/www.karate-pleszew.pl\/index.php\/2024\/09\/08\/besuto-cup-witkowo-13-04-2024\/\" aria-label=\"BESUTO CUP WITKOWO 13.04.2024\"><img loading=\"lazy\" decoding=\"async\" width=\"150\" height=\"150\" src=\"http:\/\/www.karate-pleszew.pl\/wp-content\/uploads\/2024\/09\/Malgowski_Borys_Maciej_Nowakowski_zlote_medale-150x150.jpg\" class=\"attachment-thumbnail size-thumbnail wp-post-image\" alt=\"\" style=\"max-width:75px;max-height:75px;\" \/><\/a><\/div><a class=\"wp-block-latest-posts__post-title\" href=\"http:\/\/www.karate-pleszew.pl\/index.php\/2024\/09\/08\/besuto-cup-witkowo-13-04-2024\/\">BESUTO CUP WITKOWO 13.04.2024<\/a><div class=\"wp-block-latest-posts__post-excerpt\">W turnieju udzia\u0142 wzi\u0119\u0142o 426 zawodnik\u00f3w z 37 klub\u00f3w w tym 5 zawodnik\u00f3w Pleszewskiego Klubu Karate. Nasi reprezentanci wywalczyli 3 &hellip; <\/div><\/li>\n<li><div class=\"wp-block-latest-posts__featured-image alignleft\"><a href=\"http:\/\/www.karate-pleszew.pl\/index.php\/2024\/09\/08\/mistrzostwach-polski-kleszczewo-pod-poznaniem-6-04-2024\/\" aria-label=\"Mistrzostwach Polski, Kleszczewo pod Poznaniem 6.04.2024.\"><img loading=\"lazy\" decoding=\"async\" width=\"150\" height=\"150\" src=\"http:\/\/www.karate-pleszew.pl\/wp-content\/uploads\/2024\/09\/PKK_Kleszczewo-150x150.jpg\" class=\"attachment-thumbnail size-thumbnail wp-post-image\" alt=\"\" style=\"max-width:75px;max-height:75px;\" srcset=\"http:\/\/www.karate-pleszew.pl\/wp-content\/uploads\/2024\/09\/PKK_Kleszczewo-150x150.jpg 150w, http:\/\/www.karate-pleszew.pl\/wp-content\/uploads\/2024\/09\/PKK_Kleszczewo-300x300.jpg 300w, http:\/\/www.karate-pleszew.pl\/wp-content\/uploads\/2024\/09\/PKK_Kleszczewo-1024x1024.jpg 1024w, http:\/\/www.karate-pleszew.pl\/wp-content\/uploads\/2024\/09\/PKK_Kleszczewo-768x768.jpg 768w, http:\/\/www.karate-pleszew.pl\/wp-content\/uploads\/2024\/09\/PKK_Kleszczewo-1536x1536.jpg 1536w, http:\/\/www.karate-pleszew.pl\/wp-content\/uploads\/2024\/09\/PKK_Kleszczewo-60x60.jpg 60w, http:\/\/www.karate-pleszew.pl\/wp-content\/uploads\/2024\/09\/PKK_Kleszczewo.jpg 2048w\" sizes=\"auto, (max-width: 150px) 100vw, 150px\" \/><\/a><\/div><a class=\"wp-block-latest-posts__post-title\" href=\"http:\/\/www.karate-pleszew.pl\/index.php\/2024\/09\/08\/mistrzostwach-polski-kleszczewo-pod-poznaniem-6-04-2024\/\">Mistrzostwach Polski, Kleszczewo pod Poznaniem 6.04.2024.<\/a><div class=\"wp-block-latest-posts__post-excerpt\">4 medale na Mistrzostwach Polski Karate wkf senior\u00f3w. 3 z\u0142ote i jeden srebrny medal to efekt wyst\u0119pu naszych senior\u00f3w na &hellip; <\/div><\/li>\n<li><div class=\"wp-block-latest-posts__featured-image alignleft\"><a href=\"http:\/\/www.karate-pleszew.pl\/index.php\/2024\/09\/08\/ii-warsaw-open-24-03-2024\/\" aria-label=\"II Warsaw Open 24.03.2024.\"><img loading=\"lazy\" decoding=\"async\" width=\"150\" height=\"150\" src=\"http:\/\/www.karate-pleszew.pl\/wp-content\/uploads\/2024\/09\/Maja_podium-150x150.jpg\" class=\"attachment-thumbnail size-thumbnail wp-post-image\" alt=\"\" style=\"max-width:75px;max-height:75px;\" \/><\/a><\/div><a class=\"wp-block-latest-posts__post-title\" href=\"http:\/\/www.karate-pleszew.pl\/index.php\/2024\/09\/08\/ii-warsaw-open-24-03-2024\/\">II Warsaw Open 24.03.2024.<\/a><div class=\"wp-block-latest-posts__post-excerpt\">Du\u017cy sukces Mai Kolanowskiej na mi\u0119dzynarodowych zawodach II Warsaw Open 24.03.2024. Maja Kolanowska wywalczy\u0142a srebrny medal w kumite juniorek m\u0142odszych. &hellip; <\/div><\/li>\n<li><div class=\"wp-block-latest-posts__featured-image alignleft\"><a href=\"http:\/\/www.karate-pleszew.pl\/index.php\/2024\/09\/08\/srebrny-medal-magdaleny-godlewskiej-na-44-grand-prix-slovakia-15-03-2024-bratyslawa\/\" aria-label=\"Srebrny medal Magdaleny Godlewskiej na 44 Grand Prix Slovakia 15.03.2024 Bratys\u0142awa\"><img loading=\"lazy\" decoding=\"async\" width=\"150\" height=\"150\" src=\"http:\/\/www.karate-pleszew.pl\/wp-content\/uploads\/2024\/09\/PKK-1-150x150.jpg\" class=\"attachment-thumbnail size-thumbnail wp-post-image\" alt=\"\" style=\"max-width:75px;max-height:75px;\" \/><\/a><\/div><a class=\"wp-block-latest-posts__post-title\" href=\"http:\/\/www.karate-pleszew.pl\/index.php\/2024\/09\/08\/srebrny-medal-magdaleny-godlewskiej-na-44-grand-prix-slovakia-15-03-2024-bratyslawa\/\">Srebrny medal Magdaleny Godlewskiej na 44 Grand Prix Slovakia 15.03.2024 Bratys\u0142awa<\/a><div class=\"wp-block-latest-posts__post-excerpt\">Zawodniczka Pleszewskiego Klubu Karate wywalczy\u0142a srebrny medal w kumite seniorek. W drodze do fina\u0142u wygra\u0142a 3 walki.w finale uleg\u0142a 0-2 &hellip; <\/div><\/li>\n<li><div class=\"wp-block-latest-posts__featured-image alignleft\"><a href=\"http:\/\/www.karate-pleszew.pl\/index.php\/2024\/09\/08\/ukemi-kobylin-9-03-2024\/\" aria-label=\"UKEMI Kobylin 9.03.2024\"><img loading=\"lazy\" decoding=\"async\" width=\"150\" height=\"150\" src=\"http:\/\/www.karate-pleszew.pl\/wp-content\/uploads\/2024\/09\/trio-150x150.jpg\" class=\"attachment-thumbnail size-thumbnail wp-post-image\" alt=\"\" style=\"max-width:75px;max-height:75px;\" \/><\/a><\/div><a class=\"wp-block-latest-posts__post-title\" href=\"http:\/\/www.karate-pleszew.pl\/index.php\/2024\/09\/08\/ukemi-kobylin-9-03-2024\/\">UKEMI Kobylin 9.03.2024<\/a><div class=\"wp-block-latest-posts__post-excerpt\">5 medali najm\u0142odszych wychowank\u00f3w Pleszewskiego Klubu Karate. Z\u0142ote medale: &#8211; Borys Ma\u0142gowski kumite U10 -25kg, &#8211; Maciej Nowakowski kumite U12 &hellip; <\/div><\/li>\n<li><div class=\"wp-block-latest-posts__featured-image alignleft\"><a href=\"http:\/\/www.karate-pleszew.pl\/index.php\/2024\/09\/08\/central-europe-open-bydgoszcz-2024\/\" aria-label=\"Central Europe Open Bydgoszcz 2024.\"><img loading=\"lazy\" decoding=\"async\" width=\"150\" height=\"150\" src=\"http:\/\/www.karate-pleszew.pl\/wp-content\/uploads\/2024\/09\/PKKCEO-150x150.jpg\" class=\"attachment-thumbnail size-thumbnail wp-post-image\" alt=\"\" style=\"max-width:75px;max-height:75px;\" srcset=\"http:\/\/www.karate-pleszew.pl\/wp-content\/uploads\/2024\/09\/PKKCEO-150x150.jpg 150w, http:\/\/www.karate-pleszew.pl\/wp-content\/uploads\/2024\/09\/PKKCEO-300x300.jpg 300w, http:\/\/www.karate-pleszew.pl\/wp-content\/uploads\/2024\/09\/PKKCEO-1024x1024.jpg 1024w, http:\/\/www.karate-pleszew.pl\/wp-content\/uploads\/2024\/09\/PKKCEO-768x768.jpg 768w, http:\/\/www.karate-pleszew.pl\/wp-content\/uploads\/2024\/09\/PKKCEO-1536x1536.jpg 1536w, http:\/\/www.karate-pleszew.pl\/wp-content\/uploads\/2024\/09\/PKKCEO-60x60.jpg 60w, http:\/\/www.karate-pleszew.pl\/wp-content\/uploads\/2024\/09\/PKKCEO.jpg 2048w\" sizes=\"auto, (max-width: 150px) 100vw, 150px\" \/><\/a><\/div><a class=\"wp-block-latest-posts__post-title\" href=\"http:\/\/www.karate-pleszew.pl\/index.php\/2024\/09\/08\/central-europe-open-bydgoszcz-2024\/\">Central Europe Open Bydgoszcz 2024.<\/a><div class=\"wp-block-latest-posts__post-excerpt\">4 zawodnik\u00f3w Pleszewskiego Klubu Karate wyst\u0105pili w turnieju rankingowym polskiej Unii Karate w dniu 2 .04.2024 w Bydgoszczy. Najlepiej wypad\u0142 &hellip; <\/div><\/li>\n<li><div class=\"wp-block-latest-posts__featured-image alignleft\"><a href=\"http:\/\/www.karate-pleszew.pl\/index.php\/2024\/09\/08\/gala-pleszewskiego-sportu-za-rok-2023\/\" aria-label=\"Gala Pleszewskiego Sportu za rok 2023\"><img loading=\"lazy\" decoding=\"async\" width=\"150\" height=\"150\" src=\"http:\/\/www.karate-pleszew.pl\/wp-content\/uploads\/2024\/09\/429667016_915025747295938_8791605622627419746_n-150x150.jpg\" class=\"attachment-thumbnail size-thumbnail wp-post-image\" alt=\"\" style=\"max-width:75px;max-height:75px;\" \/><\/a><\/div><a class=\"wp-block-latest-posts__post-title\" href=\"http:\/\/www.karate-pleszew.pl\/index.php\/2024\/09\/08\/gala-pleszewskiego-sportu-za-rok-2023\/\">Gala Pleszewskiego Sportu za rok 2023<\/a><div class=\"wp-block-latest-posts__post-excerpt\">W\u015br\u00f3d wyr\u00f3\u017cnionych nasi trenerzy i sportowcy. Wyr\u00f3\u017cnieni sportowcy: &#8211; Micha\u0142 Florczak, &#8211; Magdalena Godlewska, &#8211; Maja Kolanowska, Wyr\u00f3\u017cnieni trenerzy: &#8211; &hellip; <\/div><\/li>\n<li><div class=\"wp-block-latest-posts__featured-image alignleft\"><a href=\"http:\/\/www.karate-pleszew.pl\/index.php\/2024\/09\/08\/arashi-kids-lubin-24-02-2024\/\" aria-label=\"ARASHI KIDS Lubin 24.02.2024.\"><img loading=\"lazy\" decoding=\"async\" width=\"150\" height=\"150\" src=\"http:\/\/www.karate-pleszew.pl\/wp-content\/uploads\/2024\/09\/Nadia-150x150.jpg\" class=\"attachment-thumbnail size-thumbnail wp-post-image\" alt=\"\" style=\"max-width:75px;max-height:75px;\" srcset=\"http:\/\/www.karate-pleszew.pl\/wp-content\/uploads\/2024\/09\/Nadia-150x150.jpg 150w, http:\/\/www.karate-pleszew.pl\/wp-content\/uploads\/2024\/09\/Nadia-300x300.jpg 300w, http:\/\/www.karate-pleszew.pl\/wp-content\/uploads\/2024\/09\/Nadia-1024x1024.jpg 1024w, http:\/\/www.karate-pleszew.pl\/wp-content\/uploads\/2024\/09\/Nadia-768x768.jpg 768w, http:\/\/www.karate-pleszew.pl\/wp-content\/uploads\/2024\/09\/Nadia-1536x1536.jpg 1536w, http:\/\/www.karate-pleszew.pl\/wp-content\/uploads\/2024\/09\/Nadia-60x60.jpg 60w, http:\/\/www.karate-pleszew.pl\/wp-content\/uploads\/2024\/09\/Nadia.jpg 2048w\" sizes=\"auto, (max-width: 150px) 100vw, 150px\" \/><\/a><\/div><a class=\"wp-block-latest-posts__post-title\" href=\"http:\/\/www.karate-pleszew.pl\/index.php\/2024\/09\/08\/arashi-kids-lubin-24-02-2024\/\">ARASHI KIDS Lubin 24.02.2024.<\/a><div class=\"wp-block-latest-posts__post-excerpt\">W zawodach wzi\u0119\u0142o udzia\u0142 340 zawodnik\u00f3w z 27 klub\u00f3w w tym 11 najm\u0142odszych zawodnik\u00f3w Pleszewskiego Klubu Karate. Najm\u0142odsi wychowankowie Bart\u0142omieja &hellip; <\/div><\/li>\n<li><div class=\"wp-block-latest-posts__featured-image alignleft\"><a href=\"http:\/\/www.karate-pleszew.pl\/index.php\/2024\/09\/08\/liga-swiatowa-karate-1-series-a-larnaca-16-18-02-2024-cypr\/\" aria-label=\"Liga \u015awiatowa Karate 1 Series A Larnaca 16-18.02.2024 Cypr\"><img loading=\"lazy\" decoding=\"async\" width=\"150\" height=\"150\" src=\"http:\/\/www.karate-pleszew.pl\/wp-content\/uploads\/2024\/09\/Michal_Florczak_Larnaca2024-150x150.jpg\" class=\"attachment-thumbnail size-thumbnail wp-post-image\" alt=\"\" style=\"max-width:75px;max-height:75px;\" \/><\/a><\/div><a class=\"wp-block-latest-posts__post-title\" href=\"http:\/\/www.karate-pleszew.pl\/index.php\/2024\/09\/08\/liga-swiatowa-karate-1-series-a-larnaca-16-18-02-2024-cypr\/\">Liga \u015awiatowa Karate 1 Series A Larnaca 16-18.02.2024 Cypr<\/a><div class=\"wp-block-latest-posts__post-excerpt\">Tym razem pomimo wygranych 4 walk Micha\u0142 Florczak wraca bez medalu. Kolejno pokona\u0142 3-2 Belga Deghli Walid, 7-1 Turka Cinar &hellip; <\/div><\/li>\n<li><div class=\"wp-block-latest-posts__featured-image alignleft\"><a href=\"http:\/\/www.karate-pleszew.pl\/index.php\/2024\/09\/08\/konsultacje-zawodnikow-kadry-narodowej-kadet-junior-w-cos-opo-walcz-9-21-01-2024\/\" aria-label=\"Konsultacje zawodnik\u00f3w Kadry Narodowej Kadet, Junior w COS OPO Wa\u0142cz 9-21.01.2024\"><img loading=\"lazy\" decoding=\"async\" width=\"150\" height=\"150\" src=\"http:\/\/www.karate-pleszew.pl\/wp-content\/uploads\/2024\/09\/Bartek-150x150.jpg\" class=\"attachment-thumbnail size-thumbnail wp-post-image\" alt=\"\" style=\"max-width:75px;max-height:75px;\" \/><\/a><\/div><a class=\"wp-block-latest-posts__post-title\" href=\"http:\/\/www.karate-pleszew.pl\/index.php\/2024\/09\/08\/konsultacje-zawodnikow-kadry-narodowej-kadet-junior-w-cos-opo-walcz-9-21-01-2024\/\">Konsultacje zawodnik\u00f3w Kadry Narodowej Kadet, Junior w COS OPO Wa\u0142cz 9-21.01.2024<\/a><div class=\"wp-block-latest-posts__post-excerpt\">Konsultacje zawodnik\u00f3w Kadry Narodowej Kadet, Junior w COS OPO Wa\u0142cz z udzia\u0142em zawodnik\u00f3w Kadry Narodowe Niemiec z trenerami Bartoszem Wzorkiem, &hellip; <\/div><\/li>\n<li><div class=\"wp-block-latest-posts__featured-image alignleft\"><a href=\"http:\/\/www.karate-pleszew.pl\/index.php\/2024\/09\/08\/liga-swiatowa-karate1-series-a-12-14-stycznia-2024-ateny-grecja\/\" aria-label=\"Liga \u015awiatowa &#8211; Karate1 Series A 12-14 stycznia 2024, Ateny\/Grecja\"><img loading=\"lazy\" decoding=\"async\" width=\"150\" height=\"150\" src=\"http:\/\/www.karate-pleszew.pl\/wp-content\/uploads\/2024\/09\/418919986_881233814008465_8643742987190164245_n-150x150.jpg\" class=\"attachment-thumbnail size-thumbnail wp-post-image\" alt=\"\" style=\"max-width:75px;max-height:75px;\" \/><\/a><\/div><a class=\"wp-block-latest-posts__post-title\" href=\"http:\/\/www.karate-pleszew.pl\/index.php\/2024\/09\/08\/liga-swiatowa-karate1-series-a-12-14-stycznia-2024-ateny-grecja\/\">Liga \u015awiatowa &#8211; Karate1 Series A 12-14 stycznia 2024, Ateny\/Grecja<\/a><div class=\"wp-block-latest-posts__post-excerpt\">W gronie 1090 zawodnik\u00f3w z 81 kraj\u00f3w rywalizowa\u0142o dwoje zawodnik\u00f3w z Pleszewskiego Klubu Karate Magdalena Godlewska i Micha\u0142 Florczak. Magdalena &hellip; <\/div><\/li>\n<li><div class=\"wp-block-latest-posts__featured-image alignleft\"><a href=\"http:\/\/www.karate-pleszew.pl\/index.php\/2024\/09\/08\/konsultacje-zawodnikow-kadry-narodowej-karate-w-cos-opo-walcz\/\" aria-label=\"Konsultacje zawodnik\u00f3w Kadry Narodowej Karate w COS OPO Wa\u0142cz.\"><img loading=\"lazy\" decoding=\"async\" width=\"150\" height=\"150\" src=\"http:\/\/www.karate-pleszew.pl\/wp-content\/uploads\/2024\/09\/412105875_862003615931485_4165545580139710471_n-150x150.jpg\" class=\"attachment-thumbnail size-thumbnail wp-post-image\" alt=\"\" style=\"max-width:75px;max-height:75px;\" \/><\/a><\/div><a class=\"wp-block-latest-posts__post-title\" href=\"http:\/\/www.karate-pleszew.pl\/index.php\/2024\/09\/08\/konsultacje-zawodnikow-kadry-narodowej-karate-w-cos-opo-walcz\/\">Konsultacje zawodnik\u00f3w Kadry Narodowej Karate w COS OPO Wa\u0142cz.<\/a><div class=\"wp-block-latest-posts__post-excerpt\">15 -17 grudnia, ostatnie w tym roku konsultacje zawodnik\u00f3w Kadry Narodowej Karate w COS OPO Wa\u0142cz. W konsultacji wzi\u0119li udzia\u0142 &hellip; <\/div><\/li>\n<li><div class=\"wp-block-latest-posts__featured-image alignleft\"><a href=\"http:\/\/www.karate-pleszew.pl\/index.php\/2024\/09\/08\/turniej-mikolajkowy-rudna-9-12-2023\/\" aria-label=\"Turniej Miko\u0142ajkowy Rudna 9.12.2023\"><img loading=\"lazy\" decoding=\"async\" width=\"150\" height=\"150\" src=\"http:\/\/www.karate-pleszew.pl\/wp-content\/uploads\/2024\/09\/PKK-150x150.jpg\" class=\"attachment-thumbnail size-thumbnail wp-post-image\" alt=\"\" style=\"max-width:75px;max-height:75px;\" \/><\/a><\/div><a class=\"wp-block-latest-posts__post-title\" href=\"http:\/\/www.karate-pleszew.pl\/index.php\/2024\/09\/08\/turniej-mikolajkowy-rudna-9-12-2023\/\">Turniej Miko\u0142ajkowy Rudna 9.12.2023<\/a><div class=\"wp-block-latest-posts__post-excerpt\"><\/div><\/li>\n<li><div class=\"wp-block-latest-posts__featured-image alignleft\"><a href=\"http:\/\/www.karate-pleszew.pl\/index.php\/2024\/09\/08\/5-edycja-empi-fight-cup-w-kumite-wkf\/\" aria-label=\"5 edycja EMPI FIGHT CUP w kumite WKF\"><img loading=\"lazy\" decoding=\"async\" width=\"150\" height=\"150\" src=\"http:\/\/www.karate-pleszew.pl\/wp-content\/uploads\/2024\/09\/406032828_848015367330310_904004849267284823_n-150x150.jpg\" class=\"attachment-thumbnail size-thumbnail wp-post-image\" alt=\"\" style=\"max-width:75px;max-height:75px;\" \/><\/a><\/div><a class=\"wp-block-latest-posts__post-title\" href=\"http:\/\/www.karate-pleszew.pl\/index.php\/2024\/09\/08\/5-edycja-empi-fight-cup-w-kumite-wkf\/\">5 edycja EMPI FIGHT CUP w kumite WKF<\/a><div class=\"wp-block-latest-posts__post-excerpt\">Buk 26.11.2023. W sparringach wzie\u0142o udzia\u0142 11 najm\u0142odszych wychowank\u00f3w PKK Pleszew z trenerem Bartkiem So\u0142tysiakiem. Sparingi cieszy\u0142y si\u0119 powodzeniem, zawodnicy &hellip; <\/div><\/li>\n<li><div class=\"wp-block-latest-posts__featured-image alignleft\"><a href=\"http:\/\/www.karate-pleszew.pl\/index.php\/2024\/09\/08\/warszawa-cup-19-11-2023\/\" aria-label=\"Warszawa CUP 19.11.2023\"><img loading=\"lazy\" decoding=\"async\" width=\"150\" height=\"150\" src=\"http:\/\/www.karate-pleszew.pl\/wp-content\/uploads\/2024\/09\/dawid-70podium-150x150.jpg\" class=\"attachment-thumbnail size-thumbnail wp-post-image\" alt=\"\" style=\"max-width:75px;max-height:75px;\" \/><\/a><\/div><a class=\"wp-block-latest-posts__post-title\" href=\"http:\/\/www.karate-pleszew.pl\/index.php\/2024\/09\/08\/warszawa-cup-19-11-2023\/\">Warszawa CUP 19.11.2023<\/a><div class=\"wp-block-latest-posts__post-excerpt\">Dwa br\u0105zowe medale to efekt wyst\u0119pu 4 zawodnik\u00f3w PKK Pleszew na Warszawa CUP. Medal br\u0105zowy wywalczy\u0142 Dawid Wojtczak w kumite &hellip; <\/div><\/li>\n<li><div class=\"wp-block-latest-posts__featured-image alignleft\"><a href=\"http:\/\/www.karate-pleszew.pl\/index.php\/2024\/09\/08\/zduny-cup-18-11-2023\/\" aria-label=\"Zduny CUP 18.11.2023\"><img loading=\"lazy\" decoding=\"async\" width=\"150\" height=\"150\" src=\"http:\/\/www.karate-pleszew.pl\/wp-content\/uploads\/2024\/09\/zuzia_pola-150x150.jpg\" class=\"attachment-thumbnail size-thumbnail wp-post-image\" alt=\"\" style=\"max-width:75px;max-height:75px;\" \/><\/a><\/div><a class=\"wp-block-latest-posts__post-title\" href=\"http:\/\/www.karate-pleszew.pl\/index.php\/2024\/09\/08\/zduny-cup-18-11-2023\/\">Zduny CUP 18.11.2023<\/a><div class=\"wp-block-latest-posts__post-excerpt\">5 medali najm\u0142odszych zawodnik\u00f3w PKK Pleszew na zawodach w Zdunach. Srebrny medal wywalczy\u0142 Borys Ma\u0142gowski w kumite U10 -30kg. Zuzanna &hellip; <\/div><\/li>\n<li><div class=\"wp-block-latest-posts__featured-image alignleft\"><a href=\"http:\/\/www.karate-pleszew.pl\/index.php\/2024\/09\/08\/mistrzostwa-polski-karate-wkf-seniorow-karpacz-12-11-2023\/\" aria-label=\"Mistrzostwa Polski Karate WKF Senior\u00f3w Karpacz 12.11.2023\"><img loading=\"lazy\" decoding=\"async\" width=\"150\" height=\"150\" src=\"http:\/\/www.karate-pleszew.pl\/wp-content\/uploads\/2024\/09\/magda_bartek-150x150.jpg\" class=\"attachment-thumbnail size-thumbnail wp-post-image\" alt=\"\" style=\"max-width:75px;max-height:75px;\" \/><\/a><\/div><a class=\"wp-block-latest-posts__post-title\" href=\"http:\/\/www.karate-pleszew.pl\/index.php\/2024\/09\/08\/mistrzostwa-polski-karate-wkf-seniorow-karpacz-12-11-2023\/\">Mistrzostwa Polski Karate WKF Senior\u00f3w Karpacz 12.11.2023<\/a><div class=\"wp-block-latest-posts__post-excerpt\">Trzy medale Pleszewskiego Klubu Karate: -z\u0142oty medal Magdaleny Godlewskiej w kumite -68kg (pierwsza walka 4-0 z Urszul\u0105 Tokajuk Bia\u0142ostocki Klub &hellip; <\/div><\/li>\n<li><div class=\"wp-block-latest-posts__featured-image alignleft\"><a href=\"http:\/\/www.karate-pleszew.pl\/index.php\/2024\/09\/08\/2-turniej-karate-wkf-jinkaku-cup-trzebnica\/\" aria-label=\"2 turniej karate WKF Jinkaku CUP Trzebnica\"><img loading=\"lazy\" decoding=\"async\" width=\"150\" height=\"150\" src=\"http:\/\/www.karate-pleszew.pl\/wp-content\/uploads\/2024\/09\/pkk_jakai-150x150.jpg\" class=\"attachment-thumbnail size-thumbnail wp-post-image\" alt=\"\" style=\"max-width:75px;max-height:75px;\" srcset=\"http:\/\/www.karate-pleszew.pl\/wp-content\/uploads\/2024\/09\/pkk_jakai-150x150.jpg 150w, http:\/\/www.karate-pleszew.pl\/wp-content\/uploads\/2024\/09\/pkk_jakai-300x300.jpg 300w, http:\/\/www.karate-pleszew.pl\/wp-content\/uploads\/2024\/09\/pkk_jakai-1024x1024.jpg 1024w, http:\/\/www.karate-pleszew.pl\/wp-content\/uploads\/2024\/09\/pkk_jakai-768x768.jpg 768w, http:\/\/www.karate-pleszew.pl\/wp-content\/uploads\/2024\/09\/pkk_jakai-1536x1536.jpg 1536w, http:\/\/www.karate-pleszew.pl\/wp-content\/uploads\/2024\/09\/pkk_jakai-60x60.jpg 60w, http:\/\/www.karate-pleszew.pl\/wp-content\/uploads\/2024\/09\/pkk_jakai.jpg 1728w\" sizes=\"auto, (max-width: 150px) 100vw, 150px\" \/><\/a><\/div><a class=\"wp-block-latest-posts__post-title\" href=\"http:\/\/www.karate-pleszew.pl\/index.php\/2024\/09\/08\/2-turniej-karate-wkf-jinkaku-cup-trzebnica\/\">2 turniej karate WKF Jinkaku CUP Trzebnica<\/a><div class=\"wp-block-latest-posts__post-excerpt\">8 medali w tym 3 z\u0142ote, 3 srebrne i 2 br\u0105zowe to efekt startu zawodnik\u00f3w Pleszewskiego Klubu Karate w Trzebnicy &hellip; <\/div><\/li>\n<li><div class=\"wp-block-latest-posts__featured-image alignleft\"><a href=\"http:\/\/www.karate-pleszew.pl\/index.php\/2024\/09\/08\/26-mistrzostwach-swiata-karate-seniorow-wkf-22-29-2023-budapeszt\/\" aria-label=\"26 Mistrzostwach \u015awiata Karate Senior\u00f3w WKF 22-29.2023 Budapeszt\"><img loading=\"lazy\" decoding=\"async\" width=\"150\" height=\"150\" src=\"http:\/\/www.karate-pleszew.pl\/wp-content\/uploads\/2024\/09\/michal_MS-150x150.jpg\" class=\"attachment-thumbnail size-thumbnail wp-post-image\" alt=\"\" style=\"max-width:75px;max-height:75px;\" \/><\/a><\/div><a class=\"wp-block-latest-posts__post-title\" href=\"http:\/\/www.karate-pleszew.pl\/index.php\/2024\/09\/08\/26-mistrzostwach-swiata-karate-seniorow-wkf-22-29-2023-budapeszt\/\">26 Mistrzostwach \u015awiata Karate Senior\u00f3w WKF 22-29.2023 Budapeszt<\/a><div class=\"wp-block-latest-posts__post-excerpt\">Micha\u0142 Florczak w reprezentacji Polski w konkurencji kumite -84kg na 26 Mistrzostwach \u015awiata Karate Senior\u00f3w WKF 22-29.2023 Budapeszt. wystartuj\u0105 reprezentanci &hellip; <\/div><\/li>\n<li><div class=\"wp-block-latest-posts__featured-image alignleft\"><a href=\"http:\/\/www.karate-pleszew.pl\/index.php\/2024\/09\/08\/miedzywojewodzkie-mistrzostwa-mlodzikow-karate-kf-srem-14-10-2023\/\" aria-label=\"Mi\u0119dzywojew\u00f3dzkie Mistrzostwa M\u0142odzik\u00f3w Karate KF \u015arem 14.10.2023\"><img loading=\"lazy\" decoding=\"async\" width=\"150\" height=\"150\" src=\"http:\/\/www.karate-pleszew.pl\/wp-content\/uploads\/2024\/09\/gomulkajagla-150x150.jpg\" class=\"attachment-thumbnail size-thumbnail wp-post-image\" alt=\"\" style=\"max-width:75px;max-height:75px;\" \/><\/a><\/div><a class=\"wp-block-latest-posts__post-title\" href=\"http:\/\/www.karate-pleszew.pl\/index.php\/2024\/09\/08\/miedzywojewodzkie-mistrzostwa-mlodzikow-karate-kf-srem-14-10-2023\/\">Mi\u0119dzywojew\u00f3dzkie Mistrzostwa M\u0142odzik\u00f3w Karate KF \u015arem 14.10.2023<\/a><div class=\"wp-block-latest-posts__post-excerpt\">Srebrny medal \u0141ucji Gomu\u0142ki w kumite -50kg, Pi\u0105te miejsce zaj\u0105\u0142 Bartosz Jag\u0142a w kumite -45kg. W zawodach wzi\u0119li udzia\u0142 tak\u017ce &hellip; <\/div><\/li>\n<li><div class=\"wp-block-latest-posts__featured-image alignleft\"><a href=\"http:\/\/www.karate-pleszew.pl\/index.php\/2024\/09\/08\/polish-open-grand-prix-bielska-bialej\/\" aria-label=\"Polish Open \u2013 Grand Prix Bielska-Bia\u0142ej\"><img loading=\"lazy\" decoding=\"async\" width=\"150\" height=\"150\" src=\"http:\/\/www.karate-pleszew.pl\/wp-content\/uploads\/2024\/09\/PKK_BB2023-150x150.jpg\" class=\"attachment-thumbnail size-thumbnail wp-post-image\" alt=\"\" style=\"max-width:75px;max-height:75px;\" \/><\/a><\/div><a class=\"wp-block-latest-posts__post-title\" href=\"http:\/\/www.karate-pleszew.pl\/index.php\/2024\/09\/08\/polish-open-grand-prix-bielska-bialej\/\">Polish Open \u2013 Grand Prix Bielska-Bia\u0142ej<\/a><div class=\"wp-block-latest-posts__post-excerpt\">17 edycja mi\u0119dzynarodowego turnieju karate Polish Open \u2013 Grand Prix Bielska-Bia\u0142ej. 17 edycja mi\u0119dzynarodowego turnieju karate Polish Open \u2013 Grand &hellip; <\/div><\/li>\n<li><div class=\"wp-block-latest-posts__featured-image alignleft\"><a href=\"http:\/\/www.karate-pleszew.pl\/index.php\/2023\/12\/16\/konsultacje-kadry-narodowej-karate-kadetow-i-juniorow\/\" aria-label=\"Konsultacje Kadry Narodowej Karate Kadet\u00f3w i Junior\u00f3w\"><img loading=\"lazy\" decoding=\"async\" width=\"150\" height=\"150\" src=\"http:\/\/www.karate-pleszew.pl\/wp-content\/uploads\/2023\/12\/12-150x150.jpg\" class=\"attachment-thumbnail size-thumbnail wp-post-image\" alt=\"\" style=\"max-width:75px;max-height:75px;\" \/><\/a><\/div><a class=\"wp-block-latest-posts__post-title\" href=\"http:\/\/www.karate-pleszew.pl\/index.php\/2023\/12\/16\/konsultacje-kadry-narodowej-karate-kadetow-i-juniorow\/\">Konsultacje Kadry Narodowej Karate Kadet\u00f3w i Junior\u00f3w<\/a><div class=\"wp-block-latest-posts__post-excerpt\">W dniach 17-19 listopada 2023 r. &#8211; COS OPO Wa\u0142cz odby\u0142y si\u0119 konsultacje Kadry Narodowej Karate Kadet\u00f3w i Junior\u00f3w. Jest &hellip; <\/div><\/li>\n<li><div class=\"wp-block-latest-posts__featured-image alignleft\"><a href=\"http:\/\/www.karate-pleszew.pl\/index.php\/2023\/10\/08\/srebrny-medal-michala-florczaka-na-turnieju-ligi-swiatowej-larnaca-cypr\/\" aria-label=\"Srebrny medal Micha\u0142a Florczaka na turnieju ligi \u015bwiatowej Larnaca Cypr\"><img loading=\"lazy\" decoding=\"async\" width=\"150\" height=\"150\" src=\"http:\/\/www.karate-pleszew.pl\/wp-content\/uploads\/2023\/10\/Michal1aa-e1696790482928-150x150.jpg\" class=\"attachment-thumbnail size-thumbnail wp-post-image\" alt=\"\" style=\"max-width:75px;max-height:75px;\" \/><\/a><\/div><a class=\"wp-block-latest-posts__post-title\" href=\"http:\/\/www.karate-pleszew.pl\/index.php\/2023\/10\/08\/srebrny-medal-michala-florczaka-na-turnieju-ligi-swiatowej-larnaca-cypr\/\">Srebrny medal Micha\u0142a Florczaka na turnieju ligi \u015bwiatowej Larnaca Cypr<\/a><div class=\"wp-block-latest-posts__post-excerpt\">Micha\u0142 Florczak, zawodnik Pleszewskiego Klubu Karate wyst\u0105pi\u0142 w turnieju Ligi \u015awiatowej w Larnace. Po stoczeniu pi\u0119ciu walk, wywalczy\u0142 w finale &hellip; <\/div><\/li>\n<li><div class=\"wp-block-latest-posts__featured-image alignleft\"><a href=\"http:\/\/www.karate-pleszew.pl\/index.php\/2023\/10\/08\/iii-ogolnopolski-turniej-karate-silver-cup-strzalkowo\/\" aria-label=\"III Og\u00f3lnopolski Turniej Karate Silver CUP Strza\u0142kowo.30.09.2023\"><img loading=\"lazy\" decoding=\"async\" width=\"150\" height=\"150\" src=\"http:\/\/www.karate-pleszew.pl\/wp-content\/uploads\/2023\/10\/385732684_810162504448930_4538371789858254391_n-150x150.jpg\" class=\"attachment-thumbnail size-thumbnail wp-post-image\" alt=\"\" style=\"max-width:75px;max-height:75px;\" srcset=\"http:\/\/www.karate-pleszew.pl\/wp-content\/uploads\/2023\/10\/385732684_810162504448930_4538371789858254391_n-150x150.jpg 150w, http:\/\/www.karate-pleszew.pl\/wp-content\/uploads\/2023\/10\/385732684_810162504448930_4538371789858254391_n-300x300.jpg 300w, http:\/\/www.karate-pleszew.pl\/wp-content\/uploads\/2023\/10\/385732684_810162504448930_4538371789858254391_n-1024x1024.jpg 1024w, http:\/\/www.karate-pleszew.pl\/wp-content\/uploads\/2023\/10\/385732684_810162504448930_4538371789858254391_n-768x768.jpg 768w, http:\/\/www.karate-pleszew.pl\/wp-content\/uploads\/2023\/10\/385732684_810162504448930_4538371789858254391_n-1536x1536.jpg 1536w, http:\/\/www.karate-pleszew.pl\/wp-content\/uploads\/2023\/10\/385732684_810162504448930_4538371789858254391_n-60x60.jpg 60w, http:\/\/www.karate-pleszew.pl\/wp-content\/uploads\/2023\/10\/385732684_810162504448930_4538371789858254391_n.jpg 1728w\" sizes=\"auto, (max-width: 150px) 100vw, 150px\" \/><\/a><\/div><a class=\"wp-block-latest-posts__post-title\" href=\"http:\/\/www.karate-pleszew.pl\/index.php\/2023\/10\/08\/iii-ogolnopolski-turniej-karate-silver-cup-strzalkowo\/\">III Og\u00f3lnopolski Turniej Karate Silver CUP Strza\u0142kowo.30.09.2023<\/a><div class=\"wp-block-latest-posts__post-excerpt\">Siedem medali najm\u0142odszych podopiecznych trenera Bart\u0142omieja So\u0142tysiaka w tym 3 z\u0142ote, 1 srebrny i 3 br\u0105zowe medale.Z\u0142ote medale: Z\u0142ote medale: &hellip; <\/div><\/li>\n<li><div class=\"wp-block-latest-posts__featured-image alignleft\"><a href=\"http:\/\/www.karate-pleszew.pl\/index.php\/2023\/10\/08\/26-budapest-open-karate-wkf\/\" aria-label=\"26 Budapest Open Karate WKF\"><img loading=\"lazy\" decoding=\"async\" width=\"150\" height=\"150\" src=\"http:\/\/www.karate-pleszew.pl\/wp-content\/uploads\/2023\/10\/imggcsi1ef52223fA36a7DD8790bB806100758b760e5594mpid8maxwidth1920maxheight931-150x150.jpg\" class=\"attachment-thumbnail size-thumbnail wp-post-image\" alt=\"\" style=\"max-width:75px;max-height:75px;\" \/><\/a><\/div><a class=\"wp-block-latest-posts__post-title\" href=\"http:\/\/www.karate-pleszew.pl\/index.php\/2023\/10\/08\/26-budapest-open-karate-wkf\/\">26 Budapest Open Karate WKF<\/a><div class=\"wp-block-latest-posts__post-excerpt\">W bardzo silnie obsadzonym mi\u0119dzynarodowym turnieju udzia\u0142 wzi\u0119\u0142o ponad 1700 zawodnik\u00f3w z 257 klub\u00f3w z 37 kraj\u00f3w w tym sze\u015bcioro &hellip; <\/div><\/li>\n<li><div class=\"wp-block-latest-posts__featured-image alignleft\"><a href=\"http:\/\/www.karate-pleszew.pl\/index.php\/2023\/10\/08\/przygotowania-do-sezonu\/\" aria-label=\"Przygotowania do sezonu\"><img loading=\"lazy\" decoding=\"async\" width=\"150\" height=\"150\" src=\"http:\/\/www.karate-pleszew.pl\/wp-content\/uploads\/2023\/10\/371862790_789064943225353_675148703870555281_n-150x150.jpg\" class=\"attachment-thumbnail size-thumbnail wp-post-image\" alt=\"\" style=\"max-width:75px;max-height:75px;\" \/><\/a><\/div><a class=\"wp-block-latest-posts__post-title\" href=\"http:\/\/www.karate-pleszew.pl\/index.php\/2023\/10\/08\/przygotowania-do-sezonu\/\">Przygotowania do sezonu<\/a><div class=\"wp-block-latest-posts__post-excerpt\">W dniach 22-23.08.2023 z zaprzyja\u017anionymi klubami Sonkei Gda\u0144sk i Kuzi Sport Paczkowo, ci\u0119\u017cko i sumiennie przepracowali\u015bmy przygotowuj\u0105c si\u0119 do nadchodz\u0105cego &hellip; <\/div><\/li>\n<li><div class=\"wp-block-latest-posts__featured-image alignleft\"><a href=\"http:\/\/www.karate-pleszew.pl\/index.php\/2023\/08\/22\/karate-1-youth-league-w-porec-29-06-2-07-2023-chorwacja\/\" aria-label=\"Karate 1 Youth League w Porec 29.06-2.07.2023 Chorwacja\"><img loading=\"lazy\" decoding=\"async\" width=\"150\" height=\"150\" src=\"http:\/\/www.karate-pleszew.pl\/wp-content\/uploads\/2023\/08\/imggcsi6ff3E33c3A97d5266DB6e7203094be11cfa7804dmpid7maxwidth1920maxheight931-150x150.jpg\" class=\"attachment-thumbnail size-thumbnail wp-post-image\" alt=\"\" style=\"max-width:75px;max-height:75px;\" \/><\/a><\/div><a class=\"wp-block-latest-posts__post-title\" href=\"http:\/\/www.karate-pleszew.pl\/index.php\/2023\/08\/22\/karate-1-youth-league-w-porec-29-06-2-07-2023-chorwacja\/\">Karate 1 Youth League w Porec 29.06-2.07.2023 Chorwacja<\/a><div class=\"wp-block-latest-posts__post-excerpt\">7 miejsce zaj\u0119\u0142a Maja Kolanowska w konkurencji kumite juniorki m\u0142odsze -47 kg. Maja Kolanowska wygra\u0142a 2 walki w eliminacjach oraz &hellip; <\/div><\/li>\n<li><div class=\"wp-block-latest-posts__featured-image alignleft\"><a href=\"http:\/\/www.karate-pleszew.pl\/index.php\/2023\/08\/22\/mistrzostwa-polski-karate-wkf-juniorow-mlodszych-juniorow-i-mlodziezowcow-zielonki-parcela-kolo-warszawy\/\" aria-label=\"Mistrzostwa Polski Karate WKF Junior\u00f3w M\u0142odszych, Junior\u00f3w i M\u0142odzie\u017cowc\u00f3w Zielonki-Parcela ko\u0142o Warszawy\"><img loading=\"lazy\" decoding=\"async\" width=\"150\" height=\"150\" src=\"http:\/\/www.karate-pleszew.pl\/wp-content\/uploads\/2023\/08\/1685958870300-150x150.jpg\" class=\"attachment-thumbnail size-thumbnail wp-post-image\" alt=\"\" style=\"max-width:75px;max-height:75px;\" \/><\/a><\/div><a class=\"wp-block-latest-posts__post-title\" href=\"http:\/\/www.karate-pleszew.pl\/index.php\/2023\/08\/22\/mistrzostwa-polski-karate-wkf-juniorow-mlodszych-juniorow-i-mlodziezowcow-zielonki-parcela-kolo-warszawy\/\">Mistrzostwa Polski Karate WKF Junior\u00f3w M\u0142odszych, Junior\u00f3w i M\u0142odzie\u017cowc\u00f3w Zielonki-Parcela ko\u0142o Warszawy<\/a><div class=\"wp-block-latest-posts__post-excerpt\">Do rywalizacji o medale przyst\u0105pi\u0142o 470 zawodniczek i zawodnik\u00f3w z 65 klub\u00f3w, w tym 6-osobowy sk\u0142ad pleszewskiego klubu. Zawody odby\u0142y &hellip; <\/div><\/li>\n<li><div class=\"wp-block-latest-posts__featured-image alignleft\"><a href=\"http:\/\/www.karate-pleszew.pl\/index.php\/2023\/08\/21\/zapisy-na-treningi-karate-2023\/\" aria-label=\"Zapisy na treningi karate 2023\"><img loading=\"lazy\" decoding=\"async\" width=\"150\" height=\"150\" src=\"http:\/\/www.karate-pleszew.pl\/wp-content\/uploads\/2023\/08\/305559234_499562375508946_9118028447506412268_n-150x150.jpg\" class=\"attachment-thumbnail size-thumbnail wp-post-image\" alt=\"\" style=\"max-width:75px;max-height:75px;\" \/><\/a><\/div><a class=\"wp-block-latest-posts__post-title\" href=\"http:\/\/www.karate-pleszew.pl\/index.php\/2023\/08\/21\/zapisy-na-treningi-karate-2023\/\">Zapisy na treningi karate 2023<\/a><div class=\"wp-block-latest-posts__post-excerpt\"><\/div><\/li>\n<li><div class=\"wp-block-latest-posts__featured-image alignleft\"><a href=\"http:\/\/www.karate-pleszew.pl\/index.php\/2023\/05\/23\/x-edycja-energa-grand-prix-karate\/\" aria-label=\"X edycja Energa Grand Prix Karate\"><img loading=\"lazy\" decoding=\"async\" width=\"150\" height=\"150\" src=\"http:\/\/www.karate-pleszew.pl\/wp-content\/uploads\/2023\/05\/zdj192-150x150.jpg\" class=\"attachment-thumbnail size-thumbnail wp-post-image\" alt=\"\" style=\"max-width:75px;max-height:75px;\" \/><\/a><\/div><a class=\"wp-block-latest-posts__post-title\" href=\"http:\/\/www.karate-pleszew.pl\/index.php\/2023\/05\/23\/x-edycja-energa-grand-prix-karate\/\">X edycja Energa Grand Prix Karate<\/a><div class=\"wp-block-latest-posts__post-excerpt\">Cz\u0142onkowie Pleszewskiego Klubu Karate ponownie rywalizowali w zawodach rankingowych. Tym razem turniej odbywa\u0142 si\u0119 w Tczewie, gdzie pleszewianie wywalczyli 5 &hellip; <\/div><\/li>\n<li><div class=\"wp-block-latest-posts__featured-image alignleft\"><a href=\"http:\/\/www.karate-pleszew.pl\/index.php\/2023\/05\/17\/besuto-cup-witkowo-13-05-2023\/\" aria-label=\"BESUTO CUP WITKOWO 13.05.2023\"><img loading=\"lazy\" decoding=\"async\" width=\"150\" height=\"150\" src=\"http:\/\/www.karate-pleszew.pl\/wp-content\/uploads\/2023\/05\/witkowo1-150x150.jpg\" class=\"attachment-thumbnail size-thumbnail wp-post-image\" alt=\"\" style=\"max-width:75px;max-height:75px;\" \/><\/a><\/div><a class=\"wp-block-latest-posts__post-title\" href=\"http:\/\/www.karate-pleszew.pl\/index.php\/2023\/05\/17\/besuto-cup-witkowo-13-05-2023\/\">BESUTO CUP WITKOWO 13.05.2023<\/a><div class=\"wp-block-latest-posts__post-excerpt\">W turnieju udzia\u0142 wzi\u0119\u0142o 340 zawodnik\u00f3w z 30 klub\u00f3w w tym 17 zawodnik\u00f3w Pleszewskiego Klubu Karate. Nasi reprezentanci wywalczyli 10 &hellip; <\/div><\/li>\n<li><div class=\"wp-block-latest-posts__featured-image alignleft\"><a href=\"http:\/\/www.karate-pleszew.pl\/index.php\/2023\/05\/17\/ukemi-cup-viii-turniej-karate-dzieci-i-mlodziezy-o-puchar-burmistrza-kobylina-1-04-2023\/\" aria-label=\"UKEMI CUP &#8211; VIII TURNIEJ KARATE DZIECI I M\u0141ODZIE\u017bY O PUCHAR BURMISTRZA KOBYLINA 1.04.2023\"><img loading=\"lazy\" decoding=\"async\" width=\"150\" height=\"150\" src=\"http:\/\/www.karate-pleszew.pl\/wp-content\/uploads\/2023\/05\/336775298_1593139677857072_7253254474160225038_n-150x150.jpg\" class=\"attachment-thumbnail size-thumbnail wp-post-image\" alt=\"\" style=\"max-width:75px;max-height:75px;\" \/><\/a><\/div><a class=\"wp-block-latest-posts__post-title\" href=\"http:\/\/www.karate-pleszew.pl\/index.php\/2023\/05\/17\/ukemi-cup-viii-turniej-karate-dzieci-i-mlodziezy-o-puchar-burmistrza-kobylina-1-04-2023\/\">UKEMI CUP &#8211; VIII TURNIEJ KARATE DZIECI I M\u0141ODZIE\u017bY O PUCHAR BURMISTRZA KOBYLINA 1.04.2023<\/a><div class=\"wp-block-latest-posts__post-excerpt\">14 medali w tym 5 z\u0142otych, 3 srebrne i 6 br\u0105zowych wywalczyli zawodnicy PKK Pleszew na og\u00f3lnopolskim turnieju karate w &hellip; <\/div><\/li>\n<li><div class=\"wp-block-latest-posts__featured-image alignleft\"><a href=\"http:\/\/www.karate-pleszew.pl\/index.php\/2023\/05\/09\/reprezentanci-i-czlonkowie-kadry-narodowej-polski-karate-wkf\/\" aria-label=\"Reprezentanci i cz\u0142onkowie Kadry narodowej Polski Karate WKF\"><img loading=\"lazy\" decoding=\"async\" width=\"150\" height=\"150\" src=\"http:\/\/www.karate-pleszew.pl\/wp-content\/uploads\/2023\/05\/Michal_Magda-150x150.jpg\" class=\"attachment-thumbnail size-thumbnail wp-post-image\" alt=\"\" style=\"max-width:75px;max-height:75px;\" \/><\/a><\/div><a class=\"wp-block-latest-posts__post-title\" href=\"http:\/\/www.karate-pleszew.pl\/index.php\/2023\/05\/09\/reprezentanci-i-czlonkowie-kadry-narodowej-polski-karate-wkf\/\">Reprezentanci i cz\u0142onkowie Kadry narodowej Polski Karate WKF<\/a><div class=\"wp-block-latest-posts__post-excerpt\">Magdalena Godlewska &#8211; Mistrzostwo Polski 2022 &#8211; Kumite U21 -68kg, Micha\u0142 Florczak &#8211; Mistrzostwo Polski 2022 U21 -84kg Oboje reprezentanci &hellip; <\/div><\/li>\n<li><div class=\"wp-block-latest-posts__featured-image alignleft\"><a href=\"http:\/\/www.karate-pleszew.pl\/index.php\/2023\/05\/08\/9th-central-poland-open-pleszew-22-23-04-2023\/\" aria-label=\"9th Central Poland Open Pleszew 22-23.04.2023\"><img loading=\"lazy\" decoding=\"async\" width=\"150\" height=\"150\" src=\"http:\/\/www.karate-pleszew.pl\/wp-content\/uploads\/2023\/05\/343154991_913821819834094_4692614405122584222_n-150x150.jpg\" class=\"attachment-thumbnail size-thumbnail wp-post-image\" alt=\"\" style=\"max-width:75px;max-height:75px;\" srcset=\"http:\/\/www.karate-pleszew.pl\/wp-content\/uploads\/2023\/05\/343154991_913821819834094_4692614405122584222_n-150x150.jpg 150w, http:\/\/www.karate-pleszew.pl\/wp-content\/uploads\/2023\/05\/343154991_913821819834094_4692614405122584222_n-300x300.jpg 300w, http:\/\/www.karate-pleszew.pl\/wp-content\/uploads\/2023\/05\/343154991_913821819834094_4692614405122584222_n-1024x1024.jpg 1024w, http:\/\/www.karate-pleszew.pl\/wp-content\/uploads\/2023\/05\/343154991_913821819834094_4692614405122584222_n-768x768.jpg 768w, http:\/\/www.karate-pleszew.pl\/wp-content\/uploads\/2023\/05\/343154991_913821819834094_4692614405122584222_n-1536x1536.jpg 1536w, http:\/\/www.karate-pleszew.pl\/wp-content\/uploads\/2023\/05\/343154991_913821819834094_4692614405122584222_n-60x60.jpg 60w, http:\/\/www.karate-pleszew.pl\/wp-content\/uploads\/2023\/05\/343154991_913821819834094_4692614405122584222_n.jpg 1728w\" sizes=\"auto, (max-width: 150px) 100vw, 150px\" \/><\/a><\/div><a class=\"wp-block-latest-posts__post-title\" href=\"http:\/\/www.karate-pleszew.pl\/index.php\/2023\/05\/08\/9th-central-poland-open-pleszew-22-23-04-2023\/\">9th Central Poland Open Pleszew 22-23.04.2023<\/a><div class=\"wp-block-latest-posts__post-excerpt\">Turniej zosta\u0142 rozegrany pod patronatem Burmistrza Miasta i Gminy Pleszew.W zawodach wzi\u0119li udzia\u0142 699 zawodnik\u00f3w z 79 klub\u00f3w z 4 &hellip; <\/div><\/li>\n<li><div class=\"wp-block-latest-posts__featured-image alignleft\"><a href=\"http:\/\/www.karate-pleszew.pl\/index.php\/2020\/09\/10\/hello-world\/\" aria-label=\"PKK Team\"><img loading=\"lazy\" decoding=\"async\" width=\"150\" height=\"150\" src=\"http:\/\/www.karate-pleszew.pl\/wp-content\/uploads\/2020\/09\/Majka1-150x150.jpg\" class=\"attachment-thumbnail size-thumbnail wp-post-image\" alt=\"Majka\" style=\"max-width:75px;max-height:75px;\" \/><\/a><\/div><a class=\"wp-block-latest-posts__post-title\" href=\"http:\/\/www.karate-pleszew.pl\/index.php\/2020\/09\/10\/hello-world\/\">PKK Team<\/a><div class=\"wp-block-latest-posts__post-excerpt\">Zapraszamy do udzia\u0142u w treningach karate olimpijskiego. Zapisy: e-mail: jsos@poczta.fm, FB: www.facebook.com\/PKKpleszew tel.: 501 169 367 lub 510 797 169<\/div><\/li>\n<\/ul><\/div>\n<\/div>\n<\/div>\n<\/div>\n","protected":false},"excerpt":{"rendered":"","protected":false},"author":1,"featured_media":0,"parent":0,"menu_order":0,"comment_status":"closed","ping_status":"closed","template":"","meta":{"footnotes":""},"class_list":["post-9","page","type-page","status-publish","hentry"],"_links":{"self":[{"href":"http:\/\/www.karate-pleszew.pl\/index.php\/wp-json\/wp\/v2\/pages\/9","targetHints":{"allow":["GET"]}}],"collection":[{"href":"http:\/\/www.karate-pleszew.pl\/index.php\/wp-json\/wp\/v2\/pages"}],"about":[{"href":"http:\/\/www.karate-pleszew.pl\/index.php\/wp-json\/wp\/v2\/types\/page"}],"author":[{"embeddable":true,"href":"http:\/\/www.karate-pleszew.pl\/index.php\/wp-json\/wp\/v2\/users\/1"}],"replies":[{"embeddable":true,"href":"http:\/\/www.karate-pleszew.pl\/index.php\/wp-json\/wp\/v2\/comments?post=9"}],"version-history":[{"count":6,"href":"http:\/\/www.karate-pleszew.pl\/index.php\/wp-json\/wp\/v2\/pages\/9\/revisions"}],"predecessor-version":[{"id":460,"href":"http:\/\/www.karate-pleszew.pl\/index.php\/wp-json\/wp\/v2\/pages\/9\/revisions\/460"}],"wp:attachment":[{"href":"http:\/\/www.karate-pleszew.pl\/index.php\/wp-json\/wp\/v2\/media?parent=9"}],"curies":[{"name":"wp","href":"https:\/\/api.w.org\/{rel}","templated":true}]}}